{"id":4814,"date":"2021-06-29T11:28:49","date_gmt":"2021-06-29T11:28:49","guid":{"rendered":"https:\/\/legacy.agrilink2020.eu\/partneri"},"modified":"2022-04-11T17:27:58","modified_gmt":"2022-04-11T17:27:58","slug":"partneri","status":"publish","type":"page","link":"https:\/\/www.agrilink2020.eu\/cs\/partneri","title":{"rendered":"Partne\u0159i"},"content":{"rendered":"<div class=\"block-partner\">\n    <div class=\"block-content\">\n        <div class=\"block-logo\">\n            <img width=\"480\" height=\"126\" src=\"https:\/\/www.agrilink2020.eu\/wp-content\/uploads\/2021\/06\/d38a7609f4b8e6e9445d803ff6b88728.jpg\" class=\"attachment-full size-full\" alt=\"\" decoding=\"async\" loading=\"lazy\" srcset=\"https:\/\/www.agrilink2020.eu\/wp-content\/uploads\/2021\/06\/d38a7609f4b8e6e9445d803ff6b88728.jpg 480w, https:\/\/www.agrilink2020.eu\/wp-content\/uploads\/2021\/06\/d38a7609f4b8e6e9445d803ff6b88728-300x79.jpg 300w\" sizes=\"(max-width: 480px) 100vw, 480px\" \/>        <\/div>\n        <h3 class=\"block-title text-h3\">Institut National de la Recherche Agronomique et Environnement (INRAE)<\/h3>\n        <p class=\"block-location\">Francie<\/p>\n        <p class=\"block-description\">Institut National de la Recherche Agronomique et Ennvironnement (INRAE) je francouzsk\u00fd st\u00e1tn\u00ed v\u00fdzkumn\u00fd \u00fastav zab\u00fdvaj\u00edc\u00ed se zem\u011bd\u011blstv\u00edm, potravinami a jejich bezpe\u010dnost\u00ed, \u017eivotn\u00edm prost\u0159ed\u00edm a hospoda\u0159en\u00edm s p\u016fdou, se zvl\u00e1\u0161tn\u00edm d\u016frazem na udr\u017eiteln\u00fd rozvoj. INRAE je na druh\u00e9m m\u00edst\u011b na sv\u011bt\u011b a na prvn\u00edm m\u00edst\u011b v Evrop\u011b v po\u010dtu publikac\u00ed v oblasti zem\u011bd\u011blstv\u00ed a lesnictv\u00ed. C\u00edlem INRAE je i) slou\u017eit ve\u0159ejn\u00e9mu z\u00e1jmu udr\u017eov\u00e1n\u00edm rovnov\u00e1hy mezi prvot\u0159\u00eddn\u00edm v\u00fdzkumem a spole\u010densk\u00fdmi po\u017eadavky; ii) vytv\u00e1\u0159et a \u0161\u00ed\u0159it v\u011bdeck\u00e9 poznatky a inovace v oblasti zem\u011bd\u011blstv\u00ed, lesnictv\u00ed, potravin\u00e1\u0159stv\u00ed a \u017eivotn\u00edho prost\u0159ed\u00ed; iii) podporovat v\u011bdeckou a technickou kulturu a podn\u011bcovat spole\u010denskov\u011bdeck\u00e9 diskuse.<\/p>\n        <div class=\"block-contact text-detail\">\n            <span clas=\"contact-label\">Contact: <\/span>\n            <a class=\"block-email text-detail--bold\" href=\"mailto:pierre.labarthe@inrae.fr\">\n                pierre.labarthe@inrae.fr            <\/a>\n            <a class=\"block-link text-detail--bold\" href=\"www.inrae.fr\">\n                www.inrae.fr            <\/a>\n        <\/div>\n    <\/div>\n<\/div>\n\n\n<div class=\"block-partner\">\n    <div class=\"block-content\">\n        <div class=\"block-logo\">\n            <img width=\"80\" height=\"73\" src=\"https:\/\/www.agrilink2020.eu\/wp-content\/uploads\/2021\/06\/d9a2021af92b7403b37c51e7be2f1da8.png\" class=\"attachment-full size-full\" alt=\"\" decoding=\"async\" loading=\"lazy\" \/>        <\/div>\n        <h3 class=\"block-title text-h3\">Poradensk\u00e9 st\u0159edisko pro zem\u011bd\u011blstv\u00ed v Brwinow\u011b (AACB)<\/h3>\n        <p class=\"block-location\">Poland<\/p>\n        <p class=\"block-description\">Poradensk\u00e9 centrum pro zem\u011bd\u011blstv\u00ed v Brwinow\u011b (AACB) a jeho pobo\u010dky v Poznani, Krakov\u011b a Radomi jsou n\u00e1rodn\u00ed instituc\u00ed odpov\u011bdnou za vzd\u011bl\u00e1v\u00e1n\u00ed, certifikaci a registraci zem\u011bd\u011blsk\u00fdch poradc\u016f v Polsku. AACB je p\u0159\u00edmo pod\u0159\u00edzena polsk\u00e9mu Ministerstvu zem\u011bd\u011blstv\u00ed a rozvoje venkova a \u00fazce spolupracuje s vl\u00e1dn\u00edmi institucemi, org\u00e1ny m\u00edstn\u00ed samospr\u00e1vy, zem\u011bd\u011blsk\u00fdmi organizacemi, v\u00fdzkumn\u00fdmi pracovn\u00edky, zem\u011bd\u011blsk\u00fdmi poradensk\u00fdmi centry a r\u016fzn\u00fdmi dal\u0161\u00edmi organizacemi a institucemi, kter\u00e9 se zam\u011b\u0159uj\u00ed na rozvoj zem\u011bd\u011blstv\u00ed a ekonomiku venkova. \n  \n \n<\/p>\n        <div class=\"block-contact text-detail\">\n            <span clas=\"contact-label\">Contact: <\/span>\n            <a class=\"block-email text-detail--bold\" href=\"mailto:m.sekowski@cdr.gov.pl\">\n                m.sekowski@cdr.gov.pl            <\/a>\n            <a class=\"block-link text-detail--bold\" href=\"www.cdr.gov.pl \">\n                www.cdr.gov.pl             <\/a>\n        <\/div>\n    <\/div>\n<\/div>\n\n\n<div class=\"block-partner\">\n    <div class=\"block-content\">\n        <div class=\"block-logo\">\n            <img width=\"209\" height=\"56\" src=\"https:\/\/www.agrilink2020.eu\/wp-content\/uploads\/2022\/01\/AUA-logo.png\" class=\"attachment-full size-full\" alt=\"\" decoding=\"async\" loading=\"lazy\" \/>        <\/div>\n        <h3 class=\"block-title text-h3\">At\u00e9nsk\u00e1 zem\u011bd\u011blsk\u00e1 univerzita (AUA)<\/h3>\n        <p class=\"block-location\">\u0158ecko<\/p>\n        <p class=\"block-description\">Zem\u011bd\u011blsk\u00e1 univerzita v At\u00e9n\u00e1ch (AUA) ji\u017e od sv\u00e9ho zalo\u017een\u00ed v roce 1920 p\u0159isp\u00edv\u00e1 k \u0159eck\u00e9mu a evropsk\u00e9mu hospod\u00e1\u0159sk\u00e9mu rozvoji a tvorb\u011b strategi\u00ed ve form\u011b \u0161pi\u010dkov\u00fdch v\u011bdeck\u00fdch poznatk\u016f, z\u00e1kladn\u00edho a aplikovan\u00e9ho v\u00fdzkumu a vysoce kvalifikovan\u00fdch absolvent\u016f. Je to t\u0159et\u00ed nejstar\u0161\u00ed univerzita v \u0158ecku. Laborato\u0159 pro extenzi zem\u011bd\u011blstv\u00ed a syst\u00e9my a sociologii venkova se transdisciplin\u00e1rn\u011b zam\u011b\u0159uje na udr\u017eitelnost a inovace a pod\u00edl\u00ed se na mnoha evropsk\u00fdch v\u00fdzkumn\u00fdch projektech na t\u00e9mata, jako je extenze \/ \u0161kolen\u00ed a vzd\u011bl\u00e1v\u00e1n\u00ed, agroenvironment\u00e1ln\u00ed t\u00e9mata, hodnocen\u00ed strategi\u00ed, n\u00e1vrh a hodnocen\u00ed projekt\u016f.  <\/p>\n        <div class=\"block-contact text-detail\">\n            <span clas=\"contact-label\">Contact: <\/span>\n            <a class=\"block-email text-detail--bold\" href=\"mailto:koutsouris@aua.gr\">\n                koutsouris@aua.gr            <\/a>\n            <a class=\"block-link text-detail--bold\" href=\"www.aua.gr\">\n                www.aua.gr            <\/a>\n        <\/div>\n    <\/div>\n<\/div>\n\n\n<div class=\"block-partner\">\n    <div class=\"block-content\">\n        <div class=\"block-logo\">\n            <img width=\"200\" height=\"70\" src=\"https:\/\/www.agrilink2020.eu\/wp-content\/uploads\/2021\/11\/BSC_medium-1.png\" class=\"attachment-full size-full\" alt=\"\" decoding=\"async\" loading=\"lazy\" \/>        <\/div>\n        <h3 class=\"block-title text-h3\">Centrum pobaltsk\u00fdch studi\u00ed (BSC)<\/h3>\n        <p class=\"block-location\">Loty\u0161sko<\/p>\n        <p class=\"block-description\">Centrum pobaltsk\u00fdch studi\u00ed (BSC) je soukrom\u00e1 neziskov\u00e1 v\u00fdzkumn\u00e1 organizace, kter\u00e1 se specializuje na studium udr\u017eiteln\u00e9ho rozvoje venkova a region\u016f, zem\u011bd\u011blskopotravin\u00e1\u0159sk\u00fdch syst\u00e9m\u016f, zem\u011bd\u011blstv\u00ed a inovac\u00ed. Od sv\u00e9ho zalo\u017een\u00ed v roce 1991 BSC realizovala v\u00edce ne\u017e 40 v\u00fdzkumn\u00fdch projekt\u016f v\u010detn\u011b 15 projekt\u016f r\u00e1mcov\u00e9ho programu EU. BSC disponuje odborn\u00fdmi poznatky v oblastech sociologie, udr\u017eiteln\u00e9ho zem\u011bd\u011blstv\u00ed, potravinov\u00fdch dodavatelsk\u00fdch \u0159et\u011bzc\u016f, inova\u010dn\u00edch s\u00edt\u00ed, p\u0159\u00edm\u011bstsk\u00e9ho zem\u011bd\u011blstv\u00ed, rozvoje komunit a anal\u00fdza ve\u0159ejn\u00e9 politiky. BSC prov\u00e1d\u00ed prakticky orientovan\u00fd v\u00fdzkum a spolupracuje s v\u00fdrobn\u00edmi organizacemi, tv\u016frci politik, obcemi, mal\u00fdmi a st\u0159edn\u00edmi podniky a \u0159adou n\u00e1rodn\u00edch a mezin\u00e1rodn\u00edch v\u00fdzkumn\u00fdch a poradensk\u00fdch organizac\u00ed.   <\/p>\n        <div class=\"block-contact text-detail\">\n            <span clas=\"contact-label\">Contact: <\/span>\n            <a class=\"block-email text-detail--bold\" href=\"mailto:talis.tisenkopfs@lu.lv\">\n                talis.tisenkopfs@lu.lv            <\/a>\n            <a class=\"block-link text-detail--bold\" href=\"www.bscresearch.lv\">\n                www.bscresearch.lv            <\/a>\n        <\/div>\n    <\/div>\n<\/div>\n\n\n<div class=\"block-partner\">\n    <div class=\"block-content\">\n        <div class=\"block-logo\">\n            <img width=\"155\" height=\"114\" src=\"https:\/\/www.agrilink2020.eu\/wp-content\/uploads\/2022\/01\/ekotaxa-logo.png\" class=\"attachment-full size-full\" alt=\"\" decoding=\"async\" loading=\"lazy\" \/>        <\/div>\n        <h3 class=\"block-title text-h3\">Ekotoxa ltd. (EKOT)<\/h3>\n        <p class=\"block-location\">\u010cesk\u00e1 republika<\/p>\n        <p class=\"block-description\">Ekotoxa ltd. (EKOT) je v\u00fdzkumn\u00e1, v\u00fdvojov\u00e1 a poradensk\u00e1 spole\u010dnost p\u016fsob\u00edc\u00ed v \u010cesk\u00e9 republice i v zahrani\u010d\u00ed, kter\u00e1 spojuje ot\u00e1zky udr\u017eiteln\u00e9ho rozvoje, ochrany p\u0159\u00edrody, ekotoxikologie, lesnictv\u00ed, zem\u011bd\u011blstv\u00ed, p\u016fdy a \u00fazemn\u00edho pl\u00e1nov\u00e1n\u00ed na n\u00e1rodn\u00ed, region\u00e1ln\u00ed a m\u00edstn\u00ed \u00farovni. Spole\u010dnost byla zalo\u017eena v roce 1990 a m\u00e1 v\u00edce ne\u017e 40 zam\u011bstnanc\u016f s rozmanitou kvalifikac\u00ed a \u0161irok\u00fdm portfoliem zku\u0161enost\u00ed v oblasti anal\u00fdz, studi\u00ed a poradensk\u00fdch zak\u00e1zek realizovan\u00fdch pro \u010deskou st\u00e1tn\u00ed spr\u00e1vu, m\u011bstsk\u00e9 a krajsk\u00e9 \u00fa\u0159ady, v\u00fdzkumn\u00e9 \u00fastavy, zem\u011bd\u011blsk\u00e9 podniky a zem\u011bd\u011blce. EKOT m\u00e1 mimo\u0159\u00e1dn\u00e9 zku\u0161enosti s poskytov\u00e1n\u00edm technick\u00e9 pomoci p\u0159i navrhov\u00e1n\u00ed, v\u00fdvoji a zav\u00e1d\u011bn\u00ed geoinforma\u010dn\u00edch syst\u00e9m\u016f pro \u0159\u00edzen\u00ed a kontrolu m\u00edstn\u00edch plateb souvisej\u00edc\u00edch se SZP v \u010dlensk\u00fdch st\u00e1tech EU ve st\u0159edn\u00ed a v\u00fdchodn\u00ed Evrop\u011b  <\/p>\n        <div class=\"block-contact text-detail\">\n            <span clas=\"contact-label\">Contact: <\/span>\n            <a class=\"block-email text-detail--bold\" href=\"mailto:jaroslav.prazan@ekotoxa.cz\">\n                jaroslav.prazan@ekotoxa.cz            <\/a>\n            <a class=\"block-link text-detail--bold\" href=\"www.ekotoxa.cz\">\n                www.ekotoxa.cz            <\/a>\n        <\/div>\n    <\/div>\n<\/div>\n\n\n<div class=\"block-partner\">\n    <div class=\"block-content\">\n        <div class=\"block-logo\">\n            <img width=\"546\" height=\"394\" src=\"https:\/\/www.agrilink2020.eu\/wp-content\/uploads\/2021\/11\/hcc_logo_transparent.png\" class=\"attachment-full size-full\" alt=\"\" decoding=\"async\" loading=\"lazy\" srcset=\"https:\/\/www.agrilink2020.eu\/wp-content\/uploads\/2021\/11\/hcc_logo_transparent.png 546w, https:\/\/www.agrilink2020.eu\/wp-content\/uploads\/2021\/11\/hcc_logo_transparent-300x216.png 300w\" sizes=\"(max-width: 546px) 100vw, 546px\" \/>        <\/div>\n        <h3 class=\"block-title text-h3\">Highclere Consulting SRL (HCC)<\/h3>\n        <p class=\"block-location\">Rumunsko<\/p>\n        <p class=\"block-description\">Highclere Consulting SRL (HCC) je soukrom\u00e1 poradensk\u00e1 spole\u010dnost (skupina mal\u00fdch a st\u0159edn\u00edch podnik\u016f) se s\u00eddlem v ji\u017en\u00ed Transylv\u00e1nii v Rumunsku. Spole\u010dnost byla zalo\u017eena v roce 2006 a poskytuje praktick\u00e9 poradensk\u00e9 slu\u017eby, \u0161kolen\u00ed a anal\u00fdzu politik pro vl\u00e1dn\u00ed a nevl\u00e1dn\u00ed organizace v oblasti rozvoje venkova a udr\u017eiteln\u00e9ho zem\u011bd\u011blstv\u00ed v jihov\u00fdchodn\u00ed Evrop\u011b. HCC je specialistou na vytv\u00e1\u0159en\u00ed venkovsk\u00fdch s\u00edt\u00ed a poskytuje technick\u00e9 slu\u017eby r\u016fzn\u00fdm venkovsk\u00fdm s\u00edt\u00edm na n\u00e1rodn\u00ed i evropsk\u00e9 \u00farovni. HCC tak\u00e9 pravideln\u011b poskytuje slu\u017eby v oblasti hodnocen\u00ed politik pro Evropskou komisi.   <\/p>\n        <div class=\"block-contact text-detail\">\n            <span clas=\"contact-label\">Contact: <\/span>\n            <a class=\"block-email text-detail--bold\" href=\"mailto:mark@highclere-consulting.com\">\n                mark@highclere-consulting.com            <\/a>\n            <a class=\"block-link text-detail--bold\" href=\"www.highclere-consulting.com\">\n                www.highclere-consulting.com            <\/a>\n        <\/div>\n    <\/div>\n<\/div>\n\n\n<div class=\"block-partner\">\n    <div class=\"block-content\">\n        <div class=\"block-logo\">\n            <img width=\"1250\" height=\"524\" src=\"https:\/\/www.agrilink2020.eu\/wp-content\/uploads\/2022\/01\/ITE.jpeg\" class=\"attachment-full size-full\" alt=\"\" decoding=\"async\" loading=\"lazy\" srcset=\"https:\/\/www.agrilink2020.eu\/wp-content\/uploads\/2022\/01\/ITE.jpeg 1250w, https:\/\/www.agrilink2020.eu\/wp-content\/uploads\/2022\/01\/ITE-300x126.jpeg 300w, https:\/\/www.agrilink2020.eu\/wp-content\/uploads\/2022\/01\/ITE-1024x429.jpeg 1024w, https:\/\/www.agrilink2020.eu\/wp-content\/uploads\/2022\/01\/ITE-768x322.jpeg 768w\" sizes=\"(max-width: 1250px) 100vw, 1250px\" \/>        <\/div>\n        <h3 class=\"block-title text-h3\">INRAE Transfert<\/h3>\n        <p class=\"block-location\">Francie<\/p>\n        <p class=\"block-description\">Inrae Transfert (IT) je dce\u0159in\u00e1 spole\u010dnost ve v\u00fdhradn\u00edm vlastnictv\u00ed INRAE. IT je spole\u010dnost pro transfer technologi\u00ed, kter\u00e1 se specializuje na vyu\u017e\u00edv\u00e1n\u00ed inovativn\u00edch technologi\u00ed, je\u017e jsou v\u00fdsledkem v\u00fdzkumu INRAE v oblasti zem\u011bd\u011blstv\u00ed, a na jejich rozvoj do podoby konkr\u00e9tn\u00edch obchodn\u00edch p\u0159\u00edle\u017eitost\u00ed. Pracovn\u00edci odd\u011blen\u00ed evropsk\u00fdch projekt\u016f IT disponuj\u00ed mimo\u0159\u00e1dn\u00fdmi odborn\u00fdmi znalostmi jak v oblasti pomoci v\u00fdzkumn\u00fdm pracovn\u00edk\u016fm p\u0159i koncipov\u00e1n\u00ed, sestavov\u00e1n\u00ed a seps\u00e1n\u00ed p\u0159\u00edslu\u0161n\u00fdch n\u00e1vrh\u016f (zejm\u00e9na v oblasti zdrav\u00ed, zem\u011bd\u011blstv\u00ed a \u017eivotn\u00edho prost\u0159ed\u00ed), tak v oblasti \u0159\u00edzen\u00ed velk\u00fdch spole\u010dn\u00fdch projekt\u016f v\u0161ech typ\u016f a velikost\u00ed, kter\u00e9 jsou realizov\u00e1ny s vyu\u017eit\u00edm r\u016fzn\u00fdch n\u00e1rodn\u00edch a mezin\u00e1rodn\u00edch zdroj\u016f financov\u00e1n\u00ed.  <\/p>\n        <div class=\"block-contact text-detail\">\n            <span clas=\"contact-label\">Contact: <\/span>\n            <a class=\"block-email text-detail--bold\" href=\"mailto:luke.lauprete@inrae.fr\">\n                luke.lauprete@inrae.fr            <\/a>\n            <a class=\"block-link text-detail--bold\" href=\"www.inra-transfert.fr\/en\/\">\n                www.inra-transfert.fr\/en\/            <\/a>\n        <\/div>\n    <\/div>\n<\/div>\n\n\n<div class=\"block-partner\">\n    <div class=\"block-content\">\n        <div class=\"block-logo\">\n            <img width=\"300\" height=\"63\" src=\"https:\/\/www.agrilink2020.eu\/wp-content\/uploads\/2021\/11\/INTIA_large.png\" class=\"attachment-full size-full\" alt=\"\" decoding=\"async\" loading=\"lazy\" \/>        <\/div>\n        <h3 class=\"block-title text-h3\">Institut pro zem\u011bd\u011blskopotravin\u00e1\u0159sk\u00e9 technologie a infrastrukturu v Nava\u0159e (INTIA)<\/h3>\n        <p class=\"block-location\">\u0160pan\u011blsko<\/p>\n        <p class=\"block-description\">Institut pro zem\u011bd\u011blskopotravin\u00e1\u0159sk\u00e9 technologie a infrastrukturu v Nava\u0159e (INTIA) je st\u00e1tn\u00ed spole\u010dnost p\u0159i ministerstvu rozvoje venkova a \u017eivotn\u00edho prost\u0159ed\u00ed vl\u00e1dy Navarry ve \u0160pan\u011blsku. Spole\u010dnost INTIA byla zalo\u017eena v roce 2011 a spojila \u010dty\u0159i st\u00e1vaj\u00edc\u00ed st\u00e1tn\u00ed spole\u010dnosti, kter\u00e9 ji\u017e v\u00edce ne\u017e 30 let spolupracovaly se zem\u011bd\u011blskopotravin\u00e1\u0159sk\u00fdm sektorem v Nava\u0159e. INTIA m\u00e1 v sou\u010dasn\u00e9 dob\u011b 200 zam\u011bstnanc\u016f, z toho 21 specializovan\u00fdch technik\u016f, kte\u0159\u00ed poskytuj\u00ed poradensk\u00e9 slu\u017eby 6 700 zem\u011bd\u011blc\u016fm v oblasti extenzivn\u00edho p\u011bstov\u00e1n\u00ed obilovin, zahradnictv\u00ed a ovocn\u00fdch sad\u016f ve specifick\u00fdch podm\u00ednk\u00e1ch regionu.  <\/p>\n        <div class=\"block-contact text-detail\">\n            <span clas=\"contact-label\">Contact: <\/span>\n            <a class=\"block-email text-detail--bold\" href=\"mailto:dmaiz@intiasa.es\">\n                dmaiz@intiasa.es            <\/a>\n            <a class=\"block-link text-detail--bold\" href=\"https:\/\/www.intiasa.es\">\n                https:\/\/www.intiasa.es            <\/a>\n        <\/div>\n    <\/div>\n<\/div>\n\n\n<div class=\"block-partner\">\n    <div class=\"block-content\">\n        <div class=\"block-logo\">\n            <img width=\"214\" height=\"42\" src=\"https:\/\/www.agrilink2020.eu\/wp-content\/uploads\/2021\/11\/Innovatiesteunpunt-logo.png\" class=\"attachment-full size-full\" alt=\"\" decoding=\"async\" loading=\"lazy\" \/>        <\/div>\n        <h3 class=\"block-title text-h3\">Innovatiesteunpunt (ISP)<\/h3>\n        <p class=\"block-location\">Belgie<\/p>\n        <p class=\"block-description\">Innovatiesteunpunt (ISP) je inova\u010dn\u00ed centrum pro rozvoj zem\u011bd\u011blstv\u00ed a venkova, kter\u00e9 je sou\u010d\u00e1st\u00ed Boerenbond and Landelijke Gilden, nejv\u011bt\u0161\u00ed organizace pro rozvoj zem\u011bd\u011blstv\u00ed a venkova ve Flandrech v Belgii, kter\u00e1 sdru\u017euje 17 000 zem\u011bd\u011blc\u016f a 70 000 venkovsk\u00fdch rodin. V r\u00e1mci t\u00e9to \u0161irok\u00e9 organizace poskytuje ISP \u00fast\u0159edn\u00ed m\u00edsto pro inovace v zem\u011bd\u011blstv\u00ed a na venkov\u011b a trvale inkubuje a realizuje v\u00edce ne\u017e 30 pilotn\u00edch inova\u010dn\u00edch projekt\u016f financovan\u00fdch EU nebo na vnitrost\u00e1tn\u00ed \u00farovni. Tyto projekty se zam\u011b\u0159uj\u00ed na vyu\u017eit\u00ed teoretick\u00fdch poznatk\u016f z\u00edskan\u00fdch v z\u00e1kladn\u00edm v\u00fdzkumu p\u0159i v\u00fdvoji, testov\u00e1n\u00ed a praktick\u00e9m zav\u00e1d\u011bn\u00ed inovativn\u00edch produkt\u016f, postup\u016f a slu\u017eeb, kter\u00e9 jsou nezbytn\u00e9 pro podporu udr\u017eitelnosti v zem\u011bd\u011blsk\u00e9m odv\u011btv\u00ed a \u017eivotaschopn\u00e9 a odoln\u00e9 ekonomiky venkova.  <\/p>\n        <div class=\"block-contact text-detail\">\n            <span clas=\"contact-label\">Contact: <\/span>\n            <a class=\"block-email text-detail--bold\" href=\"mailto:kristof.severijns@innovatiesteunpunt.be\">\n                kristof.severijns@innovatiesteunpunt.be            <\/a>\n            <a class=\"block-link text-detail--bold\" href=\"www.innovatiesteunpunt.be\">\n                www.innovatiesteunpunt.be            <\/a>\n        <\/div>\n    <\/div>\n<\/div>\n\n\n<div class=\"block-partner\">\n    <div class=\"block-content\">\n        <div class=\"block-logo\">\n            <img width=\"200\" height=\"98\" src=\"https:\/\/www.agrilink2020.eu\/wp-content\/uploads\/2022\/01\/HUTT_medium.png\" class=\"attachment-full size-full\" alt=\"\" decoding=\"async\" loading=\"lazy\" \/>        <\/div>\n        <h3 class=\"block-title text-h3\">Institut Jamese Huttona (HUTT)<\/h3>\n        <p class=\"block-location\">Spojen\u00e9 kr\u00e1lovstv\u00ed<\/p>\n        <p class=\"block-description\">Institut Jamese Huttona (HUTT) je jedn\u00edm z hlavn\u00edch poskytovatel\u016f v\u00fdzkumn\u00fdch aktivit skotsk\u00e9 vl\u00e1dy, kter\u00fd se zam\u011b\u0159uje na v\u00fdzkum zem\u011bd\u011blsk\u00fdch plodin, p\u016fdy, vyu\u017eit\u00ed p\u016fdy a \u017eivotn\u00edho prost\u0159ed\u00ed. Zam\u011bstn\u00e1v\u00e1 v\u00edce ne\u017e 500 v\u011bdc\u016f a podp\u016frn\u00e9ho person\u00e1lu z nejr\u016fzn\u011bj\u0161\u00edch obor\u016f, co\u017e z n\u011bj \u010din\u00ed jedno z nejv\u011bt\u0161\u00edch v\u00fdzkumn\u00fdch center ve Spojen\u00e9m kr\u00e1lovstv\u00ed. Skupina soci\u00e1ln\u00edch, ekonomick\u00fdch a geografick\u00fdch v\u011bd (SEGS) se v r\u00e1mci institutu v\u011bnuje jak samostatn\u00e9mu spole\u010denskov\u011bdn\u00edmu, tak interdisciplin\u00e1rn\u00edmu v\u00fdzkumu zam\u011b\u0159en\u00e9mu na hlavn\u00ed v\u00fdzvy sou\u010dasn\u00e9ho soci\u00e1ln\u00edho a ekonomick\u00e9ho v\u00fdzkumu, jako je spr\u00e1va p\u0159\u00edrodn\u00edch zdroj\u016f, oce\u0148ov\u00e1n\u00ed ekosyst\u00e9mov\u00fdch slu\u017eeb, udr\u017eiteln\u00e9 chov\u00e1n\u00ed, \u017eivotaschopnost venkovsk\u00fdch komunit a socioekonomick\u00e9 zm\u011bny v zem\u011bd\u011blstv\u00ed.  <\/p>\n        <div class=\"block-contact text-detail\">\n            <span clas=\"contact-label\">Contact: <\/span>\n            <a class=\"block-email text-detail--bold\" href=\"mailto:lee-ann.sutherland@hutton.ac.uk\">\n                lee-ann.sutherland@hutton.ac.uk            <\/a>\n            <a class=\"block-link text-detail--bold\" href=\"www.hutton.ac.uk\">\n                www.hutton.ac.uk            <\/a>\n        <\/div>\n    <\/div>\n<\/div>\n\n\n<div class=\"block-partner\">\n    <div class=\"block-content\">\n        <div class=\"block-logo\">\n            <img width=\"100\" height=\"68\" src=\"https:\/\/www.agrilink2020.eu\/wp-content\/uploads\/2022\/01\/OU_small.png\" class=\"attachment-full size-full\" alt=\"\" decoding=\"async\" loading=\"lazy\" \/>        <\/div>\n        <h3 class=\"block-title text-h3\">Otev\u0159en\u00e1 univerzita (OU)<\/h3>\n        <p class=\"block-location\">Spojen\u00e9 kr\u00e1lovstv\u00ed<\/p>\n        <p class=\"block-description\">Otev\u0159en\u00e1 univerzita (OU) je sv\u011btovou jedni\u010dkou v modern\u00edm distan\u010dn\u00edm vzd\u011bl\u00e1v\u00e1n\u00ed a pr\u016fkopn\u00edkem v\u00fduky a vzd\u011bl\u00e1vac\u00edch metod, kter\u00e9 umo\u017e\u0148uj\u00ed lidem dos\u00e1hnout jejich kari\u00e9rn\u00edch a \u017eivotn\u00edch c\u00edl\u016f a studovat flexibiln\u011b, kdy a kde jim to vyhovuje. OU je jednou z nejv\u011bt\u0161\u00edch univerzit v Evrop\u011b s p\u0159ibli\u017en\u011b 174 000 studenty. Moduly OU jsou navr\u017eeny pro online prost\u0159ed\u00ed s vyu\u017eit\u00edm technologicky podpo\u0159en\u00fdch v\u00fdukov\u00fdch p\u0159\u00edstup\u016f. OU m\u00e1 tak\u00e9 aktivn\u00ed v\u00fdzkumn\u00fd program, kter\u00fd si z\u00edskal mezin\u00e1rodn\u00ed uzn\u00e1n\u00ed d\u00edky kvalit\u011b v\u00fdzkumu, dopadu a prost\u0159ed\u00ed, se zna\u010dn\u00fdmi zku\u0161enostmi a odborn\u00fdmi znalostmi ve veden\u00ed n\u00e1rodn\u00edch a mezin\u00e1rodn\u00edch projekt\u016f.   <\/p>\n        <div class=\"block-contact text-detail\">\n            <span clas=\"contact-label\">Contact: <\/span>\n            <a class=\"block-email text-detail--bold\" href=\"mailto:andy.lane@open.ac.uk\">\n                andy.lane@open.ac.uk            <\/a>\n            <a class=\"block-link text-detail--bold\" href=\"www.open.ac.uk\">\n                www.open.ac.uk            <\/a>\n        <\/div>\n    <\/div>\n<\/div>\n\n\n<div class=\"block-partner\">\n    <div class=\"block-content\">\n        <div class=\"block-logo\">\n            <img width=\"200\" height=\"49\" src=\"https:\/\/www.agrilink2020.eu\/wp-content\/uploads\/2021\/11\/ruralis-logo-hor-en_medium.png\" class=\"attachment-full size-full\" alt=\"\" decoding=\"async\" loading=\"lazy\" \/>        <\/div>\n        <h3 class=\"block-title text-h3\">Institut pro v\u00fdzkum venkova a region\u016f (RURALIS)<\/h3>\n        <p class=\"block-location\">Norsko<\/p>\n        <p class=\"block-description\">Institut pro v\u00fdzkum venkova a region\u016f (RURALIS) je nez\u00e1visl\u00e1 neziskov\u00e1 v\u00fdzkumn\u00e1 organizace se s\u00eddlem v norsk\u00e9m Trondheimu. RURALIS byl zalo\u017een v roce 2001 a jeho hlavn\u00ed \u010dinnost\u00ed jsou multidisciplin\u00e1rn\u00ed studia venkova se zvl\u00e1\u0161tn\u00edm d\u016frazem na teoretick\u00fd a metodologick\u00fd v\u00fdzkum v oblasti sociologie venkova. RURALIS m\u00e1 vysoce kompetentn\u00ed person\u00e1l z r\u016fzn\u00fdch obor\u016f, kter\u00fd zahrnuje p\u0159ibli\u017en\u011b 30 v\u00fdzkumn\u00fdch pracovn\u00edk\u016f s odborn\u00fdm vzd\u011bl\u00e1n\u00edm v oblasti sociologie, geografie, podnikov\u00e9 ekonomiky, soci\u00e1ln\u00ed antropologie, politologie a agronomie. Krom\u011b v\u00fdzkumn\u00e9 pr\u00e1ce se RURALIS v\u011bnuje tak\u00e9 v\u00fdvoji a hodnocen\u00ed pro norskou vl\u00e1du a dal\u0161\u00ed ofici\u00e1ln\u00ed org\u00e1ny.   <\/p>\n        <div class=\"block-contact text-detail\">\n            <span clas=\"contact-label\">Contact: <\/span>\n            <a class=\"block-email text-detail--bold\" href=\"mailto:egil.petter.strate@ruralis.no\">\n                egil.petter.strate@ruralis.no            <\/a>\n            <a class=\"block-link text-detail--bold\" href=\"ruralis.no\">\n                ruralis.no            <\/a>\n        <\/div>\n    <\/div>\n<\/div>\n\n\n<div class=\"block-partner\">\n    <div class=\"block-content\">\n        <div class=\"block-logo\">\n            <img width=\"300\" height=\"57\" src=\"https:\/\/www.agrilink2020.eu\/wp-content\/uploads\/2021\/11\/WR_large.png\" class=\"attachment-full size-full\" alt=\"\" decoding=\"async\" loading=\"lazy\" \/>        <\/div>\n        <h3 class=\"block-title text-h3\">Stichting Wageningen Research (WR)<\/h3>\n        <p class=\"block-location\">Nizozemsko<\/p>\n        <p class=\"block-description\">Stichting Wageningen Research (WR) je nizozemsk\u00e1 organizace pro zem\u011bd\u011blsk\u00fd v\u00fdzkum, kter\u00e1 spolu s Wageningen University tvo\u0159\u00ed Wageningen University and Research Centre. WR se skl\u00e1d\u00e1 z \u0159ady soukrom\u00fdch neziskov\u00fdch v\u00fdzkumn\u00fdch \u00fastav\u016f, kter\u00e9 p\u016fsob\u00ed v r\u016fzn\u00fdch oblastech a subsektorech zem\u011bd\u011blstv\u00ed. Spole\u010dnost WR m\u00e1 bohat\u00e9 zku\u0161enosti s multidisciplin\u00e1rn\u00edmi projekty a pod\u00edlela se na stovk\u00e1ch projekt\u016f 6. a 7. r\u00e1mcov\u00e9ho programu a programu Horizont 2020, jako\u017e i na mnoha dal\u0161\u00edch velk\u00fdch n\u00e1rodn\u00edch a mezin\u00e1rodn\u00edch v\u00fdzkumn\u00fdch projektech. Institut WR zapojen\u00fd do projektu AgriLink je Praktijkonderzoek Akkerbouw, Groene Ruimte en Vollegrondsgroenten (aplikovan\u00fd v\u00fdzkum pro ornou p\u016fdu a zeleninu).   <\/p>\n        <div class=\"block-contact text-detail\">\n            <span clas=\"contact-label\">Contact: <\/span>\n            <a class=\"block-email text-detail--bold\" href=\"mailto:herman.schoorlemmer@wur.nl\">\n                herman.schoorlemmer@wur.nl            <\/a>\n            <a class=\"block-link text-detail--bold\" href=\"www.wur.eu\/aavr\">\n                www.wur.eu\/aavr            <\/a>\n        <\/div>\n    <\/div>\n<\/div>\n\n\n<div class=\"block-partner\">\n    <div class=\"block-content\">\n        <div class=\"block-logo\">\n            <img width=\"902\" height=\"148\" src=\"https:\/\/www.agrilink2020.eu\/wp-content\/uploads\/2022\/01\/UTAD.jpeg\" class=\"attachment-full size-full\" alt=\"\" decoding=\"async\" loading=\"lazy\" srcset=\"https:\/\/www.agrilink2020.eu\/wp-content\/uploads\/2022\/01\/UTAD.jpeg 902w, https:\/\/www.agrilink2020.eu\/wp-content\/uploads\/2022\/01\/UTAD-300x49.jpeg 300w, https:\/\/www.agrilink2020.eu\/wp-content\/uploads\/2022\/01\/UTAD-768x126.jpeg 768w\" sizes=\"(max-width: 902px) 100vw, 902px\" \/>        <\/div>\n        <h3 class=\"block-title text-h3\">Universidade de Tras-os-Montes e Alto Douro (UTAD)<\/h3>\n        <p class=\"block-location\">Portugalsko<\/p>\n        <p class=\"block-description\">Universidade de Tras-os-Montes e Alto Douro (UTAD) je st\u00e1tn\u00ed instituce v portugalsk\u00e9m vysoko\u0161kolsk\u00e9m sektoru. Posl\u00e1n\u00edm UTAD je v\u00fduka, v\u00fdzkum a extenze. V\u00fdzkumn\u00e9 aktivity jsou soust\u0159ed\u011bny v 8 v\u00fdzkumn\u00fdch odd\u011blen\u00edch, v\u010detn\u011b Centra pro rozvojov\u00e1 a transdisciplin\u00e1rn\u00ed studia (CETRAD). V\u00fdzkumn\u00e1 \u010dinnost v CETRAD se zam\u011b\u0159uje na spole\u010densk\u00e9 v\u011bdy a budov\u00e1n\u00ed inter- a transdisciplin\u00e1rn\u00edch p\u0159\u00edstup\u016f. CETRAD m\u00e1 bohat\u00e9 zku\u0161enosti s interdisciplin\u00e1rn\u00edm vyu\u017eit\u00edm spole\u010densk\u00fdch v\u011bd, zejm\u00e9na v oblasti vzd\u011bl\u00e1v\u00e1n\u00ed a extenze v zem\u011bd\u011blstv\u00ed, zem\u011bd\u011blsk\u00e9 ekonomiky, rozvoje venkova a inova\u010dn\u00edch studi\u00ed.    <\/p>\n        <div class=\"block-contact text-detail\">\n            <span clas=\"contact-label\">Contact: <\/span>\n            <a class=\"block-email text-detail--bold\" href=\"mailto:lmadurei@utad.pt\">\n                lmadurei@utad.pt            <\/a>\n            <a class=\"block-link text-detail--bold\" href=\"www.utad.pt\">\n                www.utad.pt            <\/a>\n        <\/div>\n    <\/div>\n<\/div>\n\n\n<div class=\"block-partner\">\n    <div class=\"block-content\">\n        <div class=\"block-logo\">\n            <img width=\"200\" height=\"117\" src=\"https:\/\/www.agrilink2020.eu\/wp-content\/uploads\/2022\/01\/UZEI_medium.png\" class=\"attachment-full size-full\" alt=\"\" decoding=\"async\" loading=\"lazy\" \/>        <\/div>\n        <h3 class=\"block-title text-h3\">\u00dastav zem\u011bd\u011blsk\u00e9 ekonomiky a informac\u00ed (UZEI)<\/h3>\n        <p class=\"block-location\">\u010cesk\u00e1 republika<\/p>\n        <p class=\"block-description\">\u00dastav zem\u011bd\u011blsk\u00e9 ekonomiky a informac\u00ed (\u00daZEI) je \u010desk\u00e1 instituce, kter\u00e1 byla zalo\u017eena v roce 1993 Ministerstvem zem\u011bd\u011blstv\u00ed \u010cesk\u00e9 republiky a je ve\u0159ejn\u011b financovanou organizac\u00ed, je\u017e p\u016fsob\u00ed na n\u00e1rodn\u00ed i mezin\u00e1rodn\u00ed \u00farovni. \u00daZEI se zab\u00fdv\u00e1 z\u00e1kladn\u00edm a aplikovan\u00fdm v\u00fdzkumem a v\u00fdvojem v oblasti zem\u011bd\u011blsk\u00e9 ekonomiky a politiky a poskytuje podporu Ministerstvu zem\u011bd\u011blstv\u00ed a dal\u0161\u00edm vl\u00e1dn\u00edm org\u00e1n\u016fm v technick\u00fdch, ekonomick\u00fdch a politick\u00fdch ot\u00e1zk\u00e1ch d\u016fle\u017eit\u00fdch pro \u010desk\u00e9 zem\u011bd\u011blstv\u00ed a ekonomiku venkova. \u00daZEI je rovn\u011b\u017e zodpov\u011bdn\u00fd za dohled nad Zem\u011bd\u011blskou \u00fa\u010detn\u00ed datovou s\u00edt\u00ed (FADN) v \u010cesk\u00e9 republice a je hlavn\u00ed instituc\u00ed pov\u011b\u0159enou rozvojem a udr\u017eov\u00e1n\u00edm technick\u00e9 zp\u016fsobilosti Zem\u011bd\u011blsk\u00e9 poradensk\u00e9 slu\u017eby v \u010cR.   <\/p>\n        <div class=\"block-contact text-detail\">\n            <span clas=\"contact-label\">Contact: <\/span>\n            <a class=\"block-email text-detail--bold\" href=\"mailto:konecna.marta@uzei.cz\">\n                konecna.marta@uzei.cz            <\/a>\n            <a class=\"block-link text-detail--bold\" href=\"www.uzei.cz\">\n                www.uzei.cz            <\/a>\n        <\/div>\n    <\/div>\n<\/div>\n\n\n<div class=\"block-partner\">\n    <div class=\"block-content\">\n        <div class=\"block-logo\">\n            <img width=\"200\" height=\"47\" src=\"https:\/\/www.agrilink2020.eu\/wp-content\/uploads\/2021\/11\/VIN_medium.png\" class=\"attachment-full size-full\" alt=\"\" decoding=\"async\" loading=\"lazy\" \/>        <\/div>\n        <h3 class=\"block-title text-h3\">Vinidea S.R.L (VIN)<\/h3>\n        <p class=\"block-location\">It\u00e1lie<\/p>\n        <p class=\"block-description\">Vinidea srl (VIN) je mikropodnik zalo\u017een\u00fd v roce 1999, kter\u00fd zaji\u0161\u0165uje p\u0159enos informac\u00ed a zprost\u0159edkov\u00e1n\u00ed inovac\u00ed ve vina\u0159sk\u00e9m pr\u016fmyslu. VIN vyhled\u00e1v\u00e1 v\u011bdeck\u00e9 a praktick\u00e9 novinky z cel\u00e9ho sv\u011bta a n\u00e1sledn\u011b je zp\u0159\u00edstup\u0148uje agronom\u016fm a enolog\u016fm. Pln\u011b a efektivn\u011b vyu\u017e\u00edvaj\u00ed v\u0161echny dostupn\u00e9 n\u00e1stroje na podporu sd\u00edlen\u00ed informac\u00ed mezi r\u016fzn\u00fdmi kategoriemi odborn\u00edk\u016f na v\u00edno: od klasick\u00fdch konferenc\u00ed p\u0159es webin\u00e1\u0159e a internetov\u00e9 n\u00e1stroje, studijn\u00ed cesty, psan\u00e9 \u010dl\u00e1nky, audiovizu\u00e1ln\u00ed videa, p\u0159eklady z r\u016fzn\u00fdch jazyk\u016f a do nich a pr\u016fzkumy. VIN je vydavatelem \u010dasopisu Infowine (Internet Journal of Enology and Viticulture), kter\u00fd je k dispozici v \u0161esti jazyc\u00edch a \u010dte jej 40 000 vina\u0159\u016f po cel\u00e9m sv\u011bt\u011b.   <\/p>\n        <div class=\"block-contact text-detail\">\n            <span clas=\"contact-label\">Contact: <\/span>\n            <a class=\"block-email text-detail--bold\" href=\"mailto:cristina.micheloni@gmail.com\">\n                cristina.micheloni@gmail.com            <\/a>\n            <a class=\"block-link text-detail--bold\" href=\"www.vinidea.it\">\n                www.vinidea.it            <\/a>\n        <\/div>\n    <\/div>\n<\/div>\n","protected":false},"excerpt":{"rendered":"","protected":false},"author":1,"featured_media":0,"parent":0,"menu_order":0,"comment_status":"closed","ping_status":"closed","template":"","meta":[],"_links":{"self":[{"href":"https:\/\/www.agrilink2020.eu\/cs\/wp-json\/wp\/v2\/pages\/4814"}],"collection":[{"href":"https:\/\/www.agrilink2020.eu\/cs\/wp-json\/wp\/v2\/pages"}],"about":[{"href":"https:\/\/www.agrilink2020.eu\/cs\/wp-json\/wp\/v2\/types\/page"}],"author":[{"embeddable":true,"href":"https:\/\/www.agrilink2020.eu\/cs\/wp-json\/wp\/v2\/users\/1"}],"replies":[{"embeddable":true,"href":"https:\/\/www.agrilink2020.eu\/cs\/wp-json\/wp\/v2\/comments?post=4814"}],"version-history":[{"count":11,"href":"https:\/\/www.agrilink2020.eu\/cs\/wp-json\/wp\/v2\/pages\/4814\/revisions"}],"predecessor-version":[{"id":5970,"href":"https:\/\/www.agrilink2020.eu\/cs\/wp-json\/wp\/v2\/pages\/4814\/revisions\/5970"}],"wp:attachment":[{"href":"https:\/\/www.agrilink2020.eu\/cs\/wp-json\/wp\/v2\/media?parent=4814"}],"curies":[{"name":"wp","href":"https:\/\/api.w.org\/{rel}","templated":true}]}}