{"id":4824,"date":"2021-06-29T10:58:49","date_gmt":"2021-06-29T10:58:49","guid":{"rendered":"https:\/\/legacy.agrilink2020.eu\/pracovni-balicky\/pracovni-balicek-3-zive-laboratore-pro-nove-inovativni-poradenske-sluzby"},"modified":"2022-04-17T09:08:44","modified_gmt":"2022-04-17T09:08:44","slug":"pracovni-balicek-3-zive-laboratore-pro-nove-inovativni-poradenske-sluzby","status":"publish","type":"page","link":"https:\/\/www.agrilink2020.eu\/cs\/pracovni-balicky\/pracovni-balicek-3-zive-laboratore-pro-nove-inovativni-poradenske-sluzby","title":{"rendered":"Pracovn\u00ed bal\u00ed\u010dek 3 (\u017eiv\u00e9 laborato\u0159e pro nov\u00e9 inovativn\u00ed poradensk\u00e9 slu\u017eby)"},"content":{"rendered":"\n<p>\u201e\u017div\u00e9 laborato\u0159e&#8220; (Living Labs) jsou st\u00e1le uzn\u00e1van\u011bj\u0161\u00edm p\u0159\u00edstupem k podpo\u0159e inovac\u00ed prost\u0159ednictv\u00edm spolupr\u00e1ce a spolutvorby. Na rozd\u00edl od tradi\u010dn\u00ed laborato\u0159e funguje \u017eiv\u00e1 laborato\u0159 v re\u00e1ln\u00e9m prost\u0159ed\u00ed a zam\u011b\u0159uje se na \u0159e\u0161en\u00ed skute\u010dn\u00fdch pot\u0159eb lid\u00ed, kte\u0159\u00ed se na jej\u00ed pr\u00e1ci pod\u00edl\u00ed. Laborato\u0159e Living Labs jsou velmi vhodn\u00e9 pro \u0159e\u0161en\u00ed slo\u017eit\u00fdch \u00fakol\u016f, kter\u00e9 je pro jednoho \u010dlov\u011bka velmi obt\u00ed\u017en\u00e9 vy\u0159e\u0161it.  <\/p>\n\n\n\n<p>Tento pracovn\u00ed bal\u00ed\u010dek vyu\u017eil metodiku Living Lab k v\u00fdvoji a testov\u00e1n\u00ed nov\u00fdch a vylep\u0161en\u00fdch n\u00e1stroj\u016f a slu\u017eeb v r\u00e1mci zem\u011bd\u011blsk\u00e9ho poradenstv\u00ed v \u0161esti v\u00fdrazn\u011b odli\u0161n\u00fdch podm\u00ednk\u00e1ch v Norsku, Loty\u0161sku, Rumunsku, \u0160pan\u011blsku, It\u00e1lii a Nizozemsku\/Belgii. Byli vy\u0161koleni projektov\u00ed partne\u0159i, kte\u0159\u00ed v t\u011bchto zem\u00edch \u017eiv\u00e9 laborato\u0159e hostovali, pom\u00e1hali v jejich fungov\u00e1n\u00ed a monitorovali jejich \u010dinnost.  Ka\u017ed\u00e1 ze \u0161esti \u017eiv\u00fdch laborato\u0159\u00ed byla jedine\u010dn\u00e1 vzhledem ke specifick\u00fdm charakteristik\u00e1m a dynamice m\u00edstn\u00edch a n\u00e1rodn\u00edch podm\u00ednek. <\/p>\n\n\n\n<hr class=\"wp-block-separator\"\/>\n\n\n\n<p>V\u00edce informac\u00ed najdete <a href=\"https:\/\/www.agrilink2020.eu\/work-package\/wp3-living-labs-for-innovation-support-services\/\" target=\"_blank\" rel=\"noreferrer noopener\">zde.<\/a><\/p>\n\n\n\n<hr class=\"wp-block-separator\"\/>\n\n\n\n<p>Pod\u00edvejte se na vysv\u011btluj\u00edc\u00ed video na YouTube zde<\/p>\n\n\n\n<figure class=\"wp-block-embed is-type-video is-provider-youtube wp-block-embed-youtube wp-embed-aspect-16-9 wp-has-aspect-ratio\"><div class=\"wp-block-embed__wrapper\">\n<iframe loading=\"lazy\" title=\"AgriLink Living Lab presentation - Work Package 3\" width=\"500\" height=\"281\" src=\"https:\/\/www.youtube.com\/embed\/JqC9ErkFbyI?start=6&#038;feature=oembed\" frameborder=\"0\" allow=\"accelerometer; autoplay; clipboard-write; encrypted-media; gyroscope; picture-in-picture\" allowfullscreen><\/iframe>\n<\/div><\/figure>\n","protected":false},"excerpt":{"rendered":"<p>\u201e\u017div\u00e9 laborato\u0159e&#8220; (Living Labs) jsou st\u00e1le uzn\u00e1van\u011bj\u0161\u00edm p\u0159\u00edstupem k podpo\u0159e inovac\u00ed prost\u0159ednictv\u00edm spolupr\u00e1ce a spolutvorby. Na rozd\u00edl od tradi\u010dn\u00ed laborato\u0159e funguje \u017eiv\u00e1 laborato\u0159 v re\u00e1ln\u00e9m prost\u0159ed\u00ed a zam\u011b\u0159uje se na \u0159e\u0161en\u00ed skute\u010dn\u00fdch pot\u0159eb lid\u00ed, kte\u0159\u00ed se na jej\u00ed pr\u00e1ci pod\u00edl\u00ed. Laborato\u0159e Living Labs jsou velmi vhodn\u00e9 pro \u0159e\u0161en\u00ed slo\u017eit\u00fdch \u00fakol\u016f, kter\u00e9 je pro jednoho \u010dlov\u011bka &hellip; <a href=\"https:\/\/www.agrilink2020.eu\/cs\/pracovni-balicky\/pracovni-balicek-3-zive-laboratore-pro-nove-inovativni-poradenske-sluzby\">Continued<\/a><\/p>\n","protected":false},"author":1,"featured_media":0,"parent":4818,"menu_order":0,"comment_status":"closed","ping_status":"closed","template":"views\/template-child.blade.php","meta":[],"_links":{"self":[{"href":"https:\/\/www.agrilink2020.eu\/cs\/wp-json\/wp\/v2\/pages\/4824"}],"collection":[{"href":"https:\/\/www.agrilink2020.eu\/cs\/wp-json\/wp\/v2\/pages"}],"about":[{"href":"https:\/\/www.agrilink2020.eu\/cs\/wp-json\/wp\/v2\/types\/page"}],"author":[{"embeddable":true,"href":"https:\/\/www.agrilink2020.eu\/cs\/wp-json\/wp\/v2\/users\/1"}],"replies":[{"embeddable":true,"href":"https:\/\/www.agrilink2020.eu\/cs\/wp-json\/wp\/v2\/comments?post=4824"}],"version-history":[{"count":3,"href":"https:\/\/www.agrilink2020.eu\/cs\/wp-json\/wp\/v2\/pages\/4824\/revisions"}],"predecessor-version":[{"id":7060,"href":"https:\/\/www.agrilink2020.eu\/cs\/wp-json\/wp\/v2\/pages\/4824\/revisions\/7060"}],"up":[{"embeddable":true,"href":"https:\/\/www.agrilink2020.eu\/cs\/wp-json\/wp\/v2\/pages\/4818"}],"wp:attachment":[{"href":"https:\/\/www.agrilink2020.eu\/cs\/wp-json\/wp\/v2\/media?parent=4824"}],"curies":[{"name":"wp","href":"https:\/\/api.w.org\/{rel}","templated":true}]}}