{"id":4830,"date":"2021-06-29T11:00:37","date_gmt":"2021-06-29T11:00:37","guid":{"rendered":"https:\/\/legacy.agrilink2020.eu\/pracovni-balicky\/pracovni-balicek-6-komunikace-sireni-a-vyuzivani"},"modified":"2022-04-17T09:29:23","modified_gmt":"2022-04-17T09:29:23","slug":"pracovni-balicek-6-komunikace-sireni-a-vyuzivani","status":"publish","type":"page","link":"https:\/\/www.agrilink2020.eu\/cs\/pracovni-balicky\/pracovni-balicek-6-komunikace-sireni-a-vyuzivani","title":{"rendered":"Pracovn\u00ed bal\u00ed\u010dek 6 (Komunikace, \u0161\u00ed\u0159en\u00ed a vyu\u017e\u00edv\u00e1n\u00ed)"},"content":{"rendered":"\n<p>Jednalo se o d\u016fle\u017eit\u00fd pracovn\u00ed bal\u00ed\u010dek, kter\u00fd podpo\u0159il vysok\u00e9 v\u011bdeck\u00e9 a praktick\u00e9 ambice projektu \u0159adou \u010dinnost\u00ed, je\u017e zapojily p\u0159\u00edslu\u0161n\u00e9 subjekty do konkr\u00e9tn\u00edch projektov\u00fdch aktivit a aktivn\u011b podpo\u0159ily \u0161\u00ed\u0159en\u00ed a vyu\u017e\u00edv\u00e1n\u00ed v\u00fdsledk\u016f projektu. Z\u00e1v\u011bre\u010dnou \u010dinnost\u00ed v r\u00e1mci tohoto pracovn\u00edho bal\u00ed\u010dku byl v\u00fdvoj t\u00e9to webov\u00e9 str\u00e1nky, kter\u00e1 bude online od konce roku 2021 po dobu 10 let. The final activity of this Work Package was the development of this legacy website that will remain online for 10 years from the end of 2021. <\/p>\n","protected":false},"excerpt":{"rendered":"<p>Jednalo se o d\u016fle\u017eit\u00fd pracovn\u00ed bal\u00ed\u010dek, kter\u00fd podpo\u0159il vysok\u00e9 v\u011bdeck\u00e9 a praktick\u00e9 ambice projektu \u0159adou \u010dinnost\u00ed, je\u017e zapojily p\u0159\u00edslu\u0161n\u00e9 subjekty do konkr\u00e9tn\u00edch projektov\u00fdch aktivit a aktivn\u011b podpo\u0159ily \u0161\u00ed\u0159en\u00ed a vyu\u017e\u00edv\u00e1n\u00ed v\u00fdsledk\u016f projektu. Z\u00e1v\u011bre\u010dnou \u010dinnost\u00ed v r\u00e1mci tohoto pracovn\u00edho bal\u00ed\u010dku byl v\u00fdvoj t\u00e9to webov\u00e9 str\u00e1nky, kter\u00e1 bude online od konce roku 2021 po dobu 10 let. &hellip; <a href=\"https:\/\/www.agrilink2020.eu\/cs\/pracovni-balicky\/pracovni-balicek-6-komunikace-sireni-a-vyuzivani\">Continued<\/a><\/p>\n","protected":false},"author":1,"featured_media":0,"parent":4818,"menu_order":0,"comment_status":"closed","ping_status":"closed","template":"views\/template-child.blade.php","meta":[],"_links":{"self":[{"href":"https:\/\/www.agrilink2020.eu\/cs\/wp-json\/wp\/v2\/pages\/4830"}],"collection":[{"href":"https:\/\/www.agrilink2020.eu\/cs\/wp-json\/wp\/v2\/pages"}],"about":[{"href":"https:\/\/www.agrilink2020.eu\/cs\/wp-json\/wp\/v2\/types\/page"}],"author":[{"embeddable":true,"href":"https:\/\/www.agrilink2020.eu\/cs\/wp-json\/wp\/v2\/users\/1"}],"replies":[{"embeddable":true,"href":"https:\/\/www.agrilink2020.eu\/cs\/wp-json\/wp\/v2\/comments?post=4830"}],"version-history":[{"count":3,"href":"https:\/\/www.agrilink2020.eu\/cs\/wp-json\/wp\/v2\/pages\/4830\/revisions"}],"predecessor-version":[{"id":7069,"href":"https:\/\/www.agrilink2020.eu\/cs\/wp-json\/wp\/v2\/pages\/4830\/revisions\/7069"}],"up":[{"embeddable":true,"href":"https:\/\/www.agrilink2020.eu\/cs\/wp-json\/wp\/v2\/pages\/4818"}],"wp:attachment":[{"href":"https:\/\/www.agrilink2020.eu\/cs\/wp-json\/wp\/v2\/media?parent=4830"}],"curies":[{"name":"wp","href":"https:\/\/api.w.org\/{rel}","templated":true}]}}