{"id":4923,"date":"2021-06-29T11:00:37","date_gmt":"2021-06-29T11:00:37","guid":{"rendered":"https:\/\/legacy.agrilink2020.eu\/work-packages\/arbeitspaket-6-kommunikation"},"modified":"2022-03-23T11:24:13","modified_gmt":"2022-03-23T11:24:13","slug":"arbeitspaket-6-kommunikation","status":"publish","type":"page","link":"https:\/\/www.agrilink2020.eu\/de\/work-packages\/arbeitspaket-6-kommunikation","title":{"rendered":"Arbeitspaket 6 (Kommunikation)"},"content":{"rendered":"\n<p>Dies war ein wichtiges Arbeitspaket, das den hohen wissenschaftlichen und praktischen Anspruch des Projekts mit einer Reihe von Aktivit\u00e4ten untermauerte, die wichtige Akteure in spezifische Projektaktivit\u00e4ten miteinbezogen und die weite Verbreitung und Nutzung der Projektergebnisse aktiv f\u00f6rderten. Die letzte Aktivit\u00e4t dieses Arbeitspakets war die Entwicklung dieser Legacy-Website, die nach Ablauf des Jahres 2021 f\u00fcr zehn Jahre online bleiben wird. <\/p>\n","protected":false},"excerpt":{"rendered":"<p>Dies war ein wichtiges Arbeitspaket, das den hohen wissenschaftlichen und praktischen Anspruch des Projekts mit einer Reihe von Aktivit\u00e4ten untermauerte, die wichtige Akteure in spezifische Projektaktivit\u00e4ten miteinbezogen und die weite Verbreitung und Nutzung der Projektergebnisse aktiv f\u00f6rderten. Die letzte Aktivit\u00e4t dieses Arbeitspakets war die Entwicklung dieser Legacy-Website, die nach Ablauf des Jahres 2021 f\u00fcr zehn &hellip; <a href=\"https:\/\/www.agrilink2020.eu\/de\/work-packages\/arbeitspaket-6-kommunikation\">Continued<\/a><\/p>\n","protected":false},"author":1,"featured_media":0,"parent":4841,"menu_order":0,"comment_status":"closed","ping_status":"closed","template":"views\/template-child.blade.php","meta":[],"_links":{"self":[{"href":"https:\/\/www.agrilink2020.eu\/de\/wp-json\/wp\/v2\/pages\/4923"}],"collection":[{"href":"https:\/\/www.agrilink2020.eu\/de\/wp-json\/wp\/v2\/pages"}],"about":[{"href":"https:\/\/www.agrilink2020.eu\/de\/wp-json\/wp\/v2\/types\/page"}],"author":[{"embeddable":true,"href":"https:\/\/www.agrilink2020.eu\/de\/wp-json\/wp\/v2\/users\/1"}],"replies":[{"embeddable":true,"href":"https:\/\/www.agrilink2020.eu\/de\/wp-json\/wp\/v2\/comments?post=4923"}],"version-history":[{"count":6,"href":"https:\/\/www.agrilink2020.eu\/de\/wp-json\/wp\/v2\/pages\/4923\/revisions"}],"predecessor-version":[{"id":4929,"href":"https:\/\/www.agrilink2020.eu\/de\/wp-json\/wp\/v2\/pages\/4923\/revisions\/4929"}],"up":[{"embeddable":true,"href":"https:\/\/www.agrilink2020.eu\/de\/wp-json\/wp\/v2\/pages\/4841"}],"wp:attachment":[{"href":"https:\/\/www.agrilink2020.eu\/de\/wp-json\/wp\/v2\/media?parent=4923"}],"curies":[{"name":"wp","href":"https:\/\/api.w.org\/{rel}","templated":true}]}}