{"id":4986,"date":"2022-03-09T09:11:09","date_gmt":"2022-03-09T09:11:09","guid":{"rendered":"https:\/\/legacy.agrilink2020.eu\/conseil-consultatif-international"},"modified":"2022-04-04T12:53:14","modified_gmt":"2022-04-04T12:53:14","slug":"conseil-consultatif-international","status":"publish","type":"page","link":"https:\/\/www.agrilink2020.eu\/fr\/conseil-consultatif-international","title":{"rendered":"Conseil consultatif international"},"content":{"rendered":"\n<h2>Conseil consultatif international<\/h2>\n\n<p>Il comprend une gamme d&rsquo;experts externes, y compris des experts scientifiques, des d\u00e9cideurs politiques, des organisations consultatives, des repr\u00e9sentants des agriculteurs et des PME dans les secteurs de la diffusion des nouvelles technologies dans l&rsquo;agriculture.<\/p>\n\n<h2>Les membres du Conseil consultatif :<\/h2>\n\n<div class=\"is-layout-flex wp-container-3 wp-block-columns\">\n<div class=\"is-layout-flow wp-block-column\">\n<p><strong>Andr\u00e8s Montero<\/strong> , Association des organisations de production de fruits et l\u00e9gumes (COEXPHAL), Almer\u00eda, Espagne<\/p>\n\n\n\n<p><strong>Anik\u00f3 Juh\u00e1sz<\/strong> (copr\u00e9sidente du SCAR-AKIS-WG4), Institut de recherche en \u00e9conomie agricole, Budapest, Hongrie<\/p>\n\n\n\n<p><strong>Dimitar Vanev<\/strong> , Service national de conseil agricole, Sofia, Bulgarie<\/p>\n\n\n\n<p><strong>Inge Van Oost<\/strong> , Commission europ\u00e9enne DG Agriculture et d\u00e9veloppement rural, Bruxelles, Belgique<\/p>\n<\/div>\n\n\n\n<div class=\"is-layout-flow wp-block-column\">\n<p><strong>Marja Toivonen<\/strong> , Universit\u00e9 Aalto, Helsinki, Finlande<\/p>\n\n\n\n<p><strong>Renee Pardello<\/strong> , Universit\u00e9 du Minnesota, Saint Paul, \u00c9tats-Unis<\/p>\n\n\n\n<p><strong>Vincenzo Angileri<\/strong> , Centre commun de recherche de la Commission europ\u00e9enne, Ispra, Italie<\/p>\n\n\n\n<p><strong>Laurens Klerkx<\/strong> , Universit\u00e9 et recherche de Wagenigen, Pays-Bas<\/p>\n\n\n\n<p><strong>James Fitzgerald<\/strong> , consultant agricole ind\u00e9pendant, Irlande<\/p>\n\n\n\n<p><\/p>\n\n\n\n<p><\/p>\n<\/div>\n<\/div>\n\n<h2>Le r\u00f4le du Conseil Consultatif est de :<\/h2>\n\n<ul><li>Fournir des conseils, une assurance qualit\u00e9 et fa\u00e7onner le programme de recherche d&rsquo;AgriLink<\/li><li>Veiller \u00e0 ce que les points de vue et les besoins des experts des d\u00e9cideurs internationaux et les points de vue et les besoins des praticiens soient inclus\/pris en compte, tout au long de la dur\u00e9e du projet et garantissent ainsi une communication efficace dans les deux sens<\/li><li>Aider \u00e0 diffuser les r\u00e9sultats g\u00e9n\u00e9r\u00e9s par l&rsquo;effort de recherche et<\/li><li>Soutenir la mise en \u0153uvre et l&rsquo;int\u00e9gration des t\u00e2ches d\u00e9velopp\u00e9es et des r\u00e9sultats du projet.<\/li><\/ul>\n","protected":false},"excerpt":{"rendered":"<p>Conseil consultatif international Il comprend une gamme d&rsquo;experts externes, y compris des experts scientifiques, des d\u00e9cideurs politiques, des organisations consultatives, des repr\u00e9sentants des agriculteurs et des PME dans les secteurs de la diffusion des nouvelles technologies dans l&rsquo;agriculture. Les membres du Conseil consultatif : Andr\u00e8s Montero , Association des organisations de production de fruits et &hellip; <a href=\"https:\/\/www.agrilink2020.eu\/fr\/conseil-consultatif-international\">Continued<\/a><\/p>\n","protected":false},"author":2,"featured_media":2633,"parent":0,"menu_order":0,"comment_status":"closed","ping_status":"closed","template":"","meta":[],"_links":{"self":[{"href":"https:\/\/www.agrilink2020.eu\/fr\/wp-json\/wp\/v2\/pages\/4986"}],"collection":[{"href":"https:\/\/www.agrilink2020.eu\/fr\/wp-json\/wp\/v2\/pages"}],"about":[{"href":"https:\/\/www.agrilink2020.eu\/fr\/wp-json\/wp\/v2\/types\/page"}],"author":[{"embeddable":true,"href":"https:\/\/www.agrilink2020.eu\/fr\/wp-json\/wp\/v2\/users\/2"}],"replies":[{"embeddable":true,"href":"https:\/\/www.agrilink2020.eu\/fr\/wp-json\/wp\/v2\/comments?post=4986"}],"version-history":[{"count":2,"href":"https:\/\/www.agrilink2020.eu\/fr\/wp-json\/wp\/v2\/pages\/4986\/revisions"}],"predecessor-version":[{"id":10342,"href":"https:\/\/www.agrilink2020.eu\/fr\/wp-json\/wp\/v2\/pages\/4986\/revisions\/10342"}],"wp:featuredmedia":[{"embeddable":true,"href":"https:\/\/www.agrilink2020.eu\/fr\/wp-json\/wp\/v2\/media\/2633"}],"wp:attachment":[{"href":"https:\/\/www.agrilink2020.eu\/fr\/wp-json\/wp\/v2\/media?parent=4986"}],"curies":[{"name":"wp","href":"https:\/\/api.w.org\/{rel}","templated":true}]}}