{"id":5648,"date":"2021-06-29T09:36:52","date_gmt":"2021-06-29T09:36:52","guid":{"rendered":"https:\/\/legacy.agrilink2020.eu\/work-packages\/pachetul-de-lucru-1-cadrul-conceptual"},"modified":"2022-04-09T13:12:54","modified_gmt":"2022-04-09T13:12:54","slug":"pachetul-de-lucru-1-cadrul-conceptual","status":"publish","type":"page","link":"https:\/\/www.agrilink2020.eu\/ro\/pachete-de-lucru\/pachetul-de-lucru-1-cadrul-conceptual","title":{"rendered":"Pachetul de lucru 1 (Cadrul conceptual)"},"content":{"rendered":"\n<p>Exist\u0103 o mare varietate de perspective diferite (practice \u0219i teoretice) cu privire la modul \u00een care agricultorii iau decizii, la rolul organiza\u021biilor de consultan\u021b\u0103 \u00een aceste procese decizionale \u0219i la modul \u00een care sunt organizate \u0219i guvernate organiza\u021biile de consultan\u021b\u0103. Acest pachet de lucru a reunit toate aceste perspective \u00eentr-un cadru coerent care s\u0103 fie utilizat pentru a ghida cercetarea \u00een alte p\u0103r\u021bi ale proiectului. <\/p>\n\n\n\n<hr class=\"wp-block-separator\"\/>\n\n\n\n<p>Afla\u021bi mai multe <a rel=\"noreferrer noopener\" href=\"https:\/\/www.agrilink2020.eu\/work-package\/wp1-multi-level-framework\/\" target=\"_blank\">aici.<\/a><\/p>\n\n\n\n<hr class=\"wp-block-separator\"\/>\n\n\n\n<p>Urm\u0103ri\u021bi aici acest filmule\u021b explicativ de pe YouTube<\/p>\n\n\n\n<figure class=\"wp-block-embed is-type-video is-provider-youtube wp-block-embed-youtube wp-embed-aspect-16-9 wp-has-aspect-ratio\"><div class=\"wp-block-embed__wrapper\">\n<iframe loading=\"lazy\" title=\"Agrilink Conceptual framework (Work Package 1)\" width=\"500\" height=\"281\" src=\"https:\/\/www.youtube.com\/embed\/qjQx2nNeM8o?start=69&#038;feature=oembed\" frameborder=\"0\" allow=\"accelerometer; autoplay; clipboard-write; encrypted-media; gyroscope; picture-in-picture\" allowfullscreen><\/iframe>\n<\/div><\/figure>\n\n\n\n<div style=\"height:1px\" aria-hidden=\"true\" class=\"wp-block-spacer\"><\/div>\n\n\n\n<h3><\/h3>\n","protected":false},"excerpt":{"rendered":"<p>Exist\u0103 o mare varietate de perspective diferite (practice \u0219i teoretice) cu privire la modul \u00een care agricultorii iau decizii, la rolul organiza\u021biilor de consultan\u021b\u0103 \u00een aceste procese decizionale \u0219i la modul \u00een care sunt organizate \u0219i guvernate organiza\u021biile de consultan\u021b\u0103. Acest pachet de lucru a reunit toate aceste perspective \u00eentr-un cadru coerent care s\u0103 fie &hellip; <a href=\"https:\/\/www.agrilink2020.eu\/ro\/pachete-de-lucru\/pachetul-de-lucru-1-cadrul-conceptual\">Continued<\/a><\/p>\n","protected":false},"author":1,"featured_media":0,"parent":4845,"menu_order":0,"comment_status":"closed","ping_status":"closed","template":"views\/template-child.blade.php","meta":[],"_links":{"self":[{"href":"https:\/\/www.agrilink2020.eu\/ro\/wp-json\/wp\/v2\/pages\/5648"}],"collection":[{"href":"https:\/\/www.agrilink2020.eu\/ro\/wp-json\/wp\/v2\/pages"}],"about":[{"href":"https:\/\/www.agrilink2020.eu\/ro\/wp-json\/wp\/v2\/types\/page"}],"author":[{"embeddable":true,"href":"https:\/\/www.agrilink2020.eu\/ro\/wp-json\/wp\/v2\/users\/1"}],"replies":[{"embeddable":true,"href":"https:\/\/www.agrilink2020.eu\/ro\/wp-json\/wp\/v2\/comments?post=5648"}],"version-history":[{"count":3,"href":"https:\/\/www.agrilink2020.eu\/ro\/wp-json\/wp\/v2\/pages\/5648\/revisions"}],"predecessor-version":[{"id":5671,"href":"https:\/\/www.agrilink2020.eu\/ro\/wp-json\/wp\/v2\/pages\/5648\/revisions\/5671"}],"up":[{"embeddable":true,"href":"https:\/\/www.agrilink2020.eu\/ro\/wp-json\/wp\/v2\/pages\/4845"}],"wp:attachment":[{"href":"https:\/\/www.agrilink2020.eu\/ro\/wp-json\/wp\/v2\/media?parent=5648"}],"curies":[{"name":"wp","href":"https:\/\/api.w.org\/{rel}","templated":true}]}}